{"id":6000,"date":"2021-04-13T10:12:04","date_gmt":"2021-04-13T10:12:04","guid":{"rendered":"https:\/\/horizont.dfvcg-events.de\/digital-marketing-days\/?post_type=portfolio&#038;p=6000"},"modified":"2022-08-01T06:32:47","modified_gmt":"2022-08-01T06:32:47","slug":"alexander-ewig","status":"publish","type":"portfolio","link":"https:\/\/horizont.dfvcg-events.de\/digital-marketing-days\/referent\/alexander-ewig\/","title":{"rendered":"Alexander Ewig"},"content":{"rendered":"<div id='av_section_1'  class='avia-section av-b6w3pn-6dc00d13f043b96f0c8f0abd5966fb16 main_color avia-section-default avia-no-border-styling  avia-builder-el-0  avia-builder-el-no-sibling  avia-bg-style-scroll av-minimum-height av-minimum-height-75 av-height-75  container_wrap fullsize'   data-av_minimum_height_pc='75' data-av_min_height_opt='75'><div class='container av-section-cont-open' ><main  role=\"main\" itemprop=\"mainContentOfPage\"  class='template-page content  av-content-full alpha units'><div class='post-entry post-entry-type-page post-entry-6000'><div class='entry-content-wrapper clearfix'>\n\n<style type=\"text\/css\" data-created_by=\"avia_inline_auto\" id=\"style-css-av-971apn-4ae754a3bdd5b01d6896239f72abf5c6\">\n.flex_column.av-971apn-4ae754a3bdd5b01d6896239f72abf5c6{\nborder-radius:0px 0px 0px 0px;\npadding:0px 0px 0px 0px;\n}\n<\/style>\n<div  class='flex_column av-971apn-4ae754a3bdd5b01d6896239f72abf5c6 av_one_third  avia-builder-el-1  el_before_av_two_third  avia-builder-el-first  first flex_column_div av-zero-column-padding  '     ><style type=\"text\/css\" data-created_by=\"avia_inline_auto\" id=\"style-css-av-71x0q3-b51dcf373e9262ca966783526e70857b\">\n.avia-image-container.av-71x0q3-b51dcf373e9262ca966783526e70857b img.avia_image{\nbox-shadow:none;\n}\n.avia-image-container.av-71x0q3-b51dcf373e9262ca966783526e70857b .av-image-caption-overlay-center{\ncolor:#ffffff;\n}\n<\/style>\n<div  class='avia-image-container av-71x0q3-b51dcf373e9262ca966783526e70857b av-styling-no-styling avia-align-left  avia-builder-el-2  avia-builder-el-no-sibling '   itemprop=\"image\" itemscope=\"itemscope\" itemtype=\"https:\/\/schema.org\/ImageObject\" ><div class=\"avia-image-container-inner\"><div class=\"avia-image-overlay-wrap\"><img decoding=\"async\" fetchpriority=\"high\" class='wp-image-6036 avia-img-lazy-loading-not-6036 avia_image ' src=\"https:\/\/horizont.dfvcg-events.de\/digital-marketing-days\/wp-content\/uploads\/2021\/04\/Ewig_Alexander_AIDA_21_1.jpg\" alt='' title='Ewig_Alexander_AIDA_21_1'  height=\"800\" width=\"600\"  itemprop=\"thumbnailUrl\" srcset=\"https:\/\/horizont.dfvcg-events.de\/digital-marketing-days\/wp-content\/uploads\/2021\/04\/Ewig_Alexander_AIDA_21_1.jpg 600w, https:\/\/horizont.dfvcg-events.de\/digital-marketing-days\/wp-content\/uploads\/2021\/04\/Ewig_Alexander_AIDA_21_1-450x600.jpg 450w, https:\/\/horizont.dfvcg-events.de\/digital-marketing-days\/wp-content\/uploads\/2021\/04\/Ewig_Alexander_AIDA_21_1-529x705.jpg 529w\" sizes=\"(max-width: 600px) 100vw, 600px\" \/><\/div><\/div><\/div><\/div>\n<style type=\"text\/css\" data-created_by=\"avia_inline_auto\" id=\"style-css-av-5kyq6j-9d3c008fc994a6a97bec030851b285dd\">\n.flex_column.av-5kyq6j-9d3c008fc994a6a97bec030851b285dd{\nborder-radius:0px 0px 0px 0px;\npadding:0px 0px 0px 0px;\n}\n<\/style>\n<div  class='flex_column av-5kyq6j-9d3c008fc994a6a97bec030851b285dd av_two_third  avia-builder-el-3  el_after_av_one_third  avia-builder-el-last  flex_column_div av-zero-column-padding  '     ><p>\n<style type=\"text\/css\" data-created_by=\"avia_inline_auto\" id=\"style-css-av-kanvlc8v-26f1ae57c834078d1e568f9102bbadd6\">\n#top .av-special-heading.av-kanvlc8v-26f1ae57c834078d1e568f9102bbadd6{\npadding-bottom:35px;\n}\nbody .av-special-heading.av-kanvlc8v-26f1ae57c834078d1e568f9102bbadd6 .av-special-heading-tag .heading-char{\nfont-size:25px;\n}\n.av-special-heading.av-kanvlc8v-26f1ae57c834078d1e568f9102bbadd6 .av-subheading{\nfont-size:17px;\n}\n<\/style>\n<div  class='av-special-heading av-kanvlc8v-26f1ae57c834078d1e568f9102bbadd6 av-special-heading-h2 blockquote modern-quote  avia-builder-el-4  el_before_av_textblock  avia-builder-el-first  av-linked-heading'><h2 class='av-special-heading-tag '  itemprop=\"headline\"  >Alexander Ewig<\/h2><div class='av-subheading av-subheading_below'><p>SVP Marketing &amp; Sales, AIDA<\/p>\n<\/div><div class=\"special-heading-border\"><div class=\"special-heading-inner-border\"><\/div><\/div><\/div><br \/>\n<section  class='av_textblock_section av-34mn5n-5b35eee2e99f7a850b98a45ea53b5991 '   itemscope=\"itemscope\" itemtype=\"https:\/\/schema.org\/CreativeWork\" ><div class='avia_textblock'  itemprop=\"text\" ><p>Alexander Ewig blickt auf mehr als 20 Jahre Berufserfahrung in den Bereichen Marketing, Digital Business und Customer Relation Management zur\u00fcck.<\/p>\n<p>Vor seinem Wechsel zu AIDA Cruises im September 2019 verantwortete er in den letzten Jahren als Gesch\u00e4ftsf\u00fchrer der MediaMarktSaturn Marketing GmbH die Markenf\u00fchrung und das Marketing des f\u00fchrenden Einzelh\u00e4ndlers f\u00fcr Unterhaltungselektronik in Europa. Davor war Alexander Ewig u.a. als COO bei der Agentur Wundermann f\u00fcr das Deutschland-Gesch\u00e4ft verantwortlich. Weitere Stationen seiner Karriere waren Deutschland CEO der internationalen Digital- und Dialogagentur MRM, Director Marketing and Productmanagement Klicktel AG, Sprecher der Gesch\u00e4ftsleitung von Ogilvy Interactive Deutschland und Managing Director bei der Digitalagentur Denkwerk.<\/p>\n<p>Zum 01.01.2021 ist Alexander Ewig zum Senior Vice President Marketing &amp; Sales berufen worden und damit gesamtverantwortlich f\u00fcr alle Kommunikations- und Verkaufsaktivit\u00e4ten bei AIDA Cruises.<\/p>\n<\/div><\/section><\/p><\/div>\n","protected":false},"excerpt":{"rendered":"<p>AIDA<\/p>\n","protected":false},"author":7,"featured_media":6036,"comment_status":"closed","ping_status":"closed","template":"","meta":{"footnotes":""},"tags":[],"portfolio_entries":[11,12,14,15],"class_list":["post-6000","portfolio","type-portfolio","status-publish","has-post-thumbnail","hentry","portfolio_entries-referent-2021","portfolio_entries-referent-2021-feature","portfolio_entries-referent-2022","portfolio_entries-referent-2022-feature"],"yoast_head":"<!-- This site is optimized with the Yoast SEO plugin v27.4 - https:\/\/yoast.com\/product\/yoast-seo-wordpress\/ -->\n<title>Alexander Ewig | Digital Marketing Days<\/title>\n<meta name=\"robots\" content=\"noindex, follow\" \/>\n<meta property=\"og:locale\" content=\"de_DE\" \/>\n<meta property=\"og:type\" content=\"article\" \/>\n<meta property=\"og:title\" content=\"Alexander Ewig | Digital Marketing Days\" \/>\n<meta property=\"og:description\" content=\"AIDA\" \/>\n<meta property=\"og:url\" content=\"https:\/\/horizont.dfvcg-events.de\/digital-marketing-days\/referent\/alexander-ewig\/\" \/>\n<meta property=\"og:site_name\" content=\"Digital Marketing Days\" \/>\n<meta property=\"article:publisher\" content=\"https:\/\/www.facebook.com\/Horizont\" \/>\n<meta property=\"article:modified_time\" content=\"2022-08-01T06:32:47+00:00\" \/>\n<meta property=\"og:image\" content=\"https:\/\/horizont.dfvcg-events.de\/digital-marketing-days\/wp-content\/uploads\/2021\/04\/Ewig_Alexander_AIDA_21_1.jpg\" \/>\n\t<meta property=\"og:image:width\" content=\"600\" \/>\n\t<meta property=\"og:image:height\" content=\"800\" \/>\n\t<meta property=\"og:image:type\" content=\"image\/jpeg\" \/>\n<meta name=\"twitter:card\" content=\"summary_large_image\" \/>\n<meta name=\"twitter:label1\" content=\"Gesch\u00e4tzte Lesezeit\" \/>\n\t<meta name=\"twitter:data1\" content=\"2\u00a0Minuten\" \/>\n<script type=\"application\/ld+json\" class=\"yoast-schema-graph\">{\"@context\":\"https:\\\/\\\/schema.org\",\"@graph\":[{\"@type\":\"WebPage\",\"@id\":\"https:\\\/\\\/horizont.dfvcg-events.de\\\/digital-marketing-days\\\/referent\\\/alexander-ewig\\\/\",\"url\":\"https:\\\/\\\/horizont.dfvcg-events.de\\\/digital-marketing-days\\\/referent\\\/alexander-ewig\\\/\",\"name\":\"Alexander Ewig | Digital Marketing Days\",\"isPartOf\":{\"@id\":\"https:\\\/\\\/horizont.dfvcg-events.de\\\/digital-marketing-days\\\/#website\"},\"primaryImageOfPage\":{\"@id\":\"https:\\\/\\\/horizont.dfvcg-events.de\\\/digital-marketing-days\\\/referent\\\/alexander-ewig\\\/#primaryimage\"},\"image\":{\"@id\":\"https:\\\/\\\/horizont.dfvcg-events.de\\\/digital-marketing-days\\\/referent\\\/alexander-ewig\\\/#primaryimage\"},\"thumbnailUrl\":\"https:\\\/\\\/horizont.dfvcg-events.de\\\/digital-marketing-days\\\/wp-content\\\/uploads\\\/2021\\\/04\\\/Ewig_Alexander_AIDA_21_1.jpg\",\"datePublished\":\"2021-04-13T10:12:04+00:00\",\"dateModified\":\"2022-08-01T06:32:47+00:00\",\"breadcrumb\":{\"@id\":\"https:\\\/\\\/horizont.dfvcg-events.de\\\/digital-marketing-days\\\/referent\\\/alexander-ewig\\\/#breadcrumb\"},\"inLanguage\":\"de\",\"potentialAction\":[{\"@type\":\"ReadAction\",\"target\":[\"https:\\\/\\\/horizont.dfvcg-events.de\\\/digital-marketing-days\\\/referent\\\/alexander-ewig\\\/\"]}]},{\"@type\":\"ImageObject\",\"inLanguage\":\"de\",\"@id\":\"https:\\\/\\\/horizont.dfvcg-events.de\\\/digital-marketing-days\\\/referent\\\/alexander-ewig\\\/#primaryimage\",\"url\":\"https:\\\/\\\/horizont.dfvcg-events.de\\\/digital-marketing-days\\\/wp-content\\\/uploads\\\/2021\\\/04\\\/Ewig_Alexander_AIDA_21_1.jpg\",\"contentUrl\":\"https:\\\/\\\/horizont.dfvcg-events.de\\\/digital-marketing-days\\\/wp-content\\\/uploads\\\/2021\\\/04\\\/Ewig_Alexander_AIDA_21_1.jpg\",\"width\":600,\"height\":800},{\"@type\":\"BreadcrumbList\",\"@id\":\"https:\\\/\\\/horizont.dfvcg-events.de\\\/digital-marketing-days\\\/referent\\\/alexander-ewig\\\/#breadcrumb\",\"itemListElement\":[{\"@type\":\"ListItem\",\"position\":1,\"name\":\"Startseite\",\"item\":\"https:\\\/\\\/horizont.dfvcg-events.de\\\/digital-marketing-days\\\/\"},{\"@type\":\"ListItem\",\"position\":2,\"name\":\"Alexander Ewig\"}]},{\"@type\":\"WebSite\",\"@id\":\"https:\\\/\\\/horizont.dfvcg-events.de\\\/digital-marketing-days\\\/#website\",\"url\":\"https:\\\/\\\/horizont.dfvcg-events.de\\\/digital-marketing-days\\\/\",\"name\":\"Digital Marketing Days\",\"description\":\"Der j\u00e4hrliche Trend-Check f\u00fcr das Digital Marketing-und Bewegbild-Business\",\"publisher\":{\"@id\":\"https:\\\/\\\/horizont.dfvcg-events.de\\\/digital-marketing-days\\\/#organization\"},\"alternateName\":\"Horizont & dfv Conference Group\",\"potentialAction\":[{\"@type\":\"SearchAction\",\"target\":{\"@type\":\"EntryPoint\",\"urlTemplate\":\"https:\\\/\\\/horizont.dfvcg-events.de\\\/digital-marketing-days\\\/?s={search_term_string}\"},\"query-input\":{\"@type\":\"PropertyValueSpecification\",\"valueRequired\":true,\"valueName\":\"search_term_string\"}}],\"inLanguage\":\"de\"},{\"@type\":\"Organization\",\"@id\":\"https:\\\/\\\/horizont.dfvcg-events.de\\\/digital-marketing-days\\\/#organization\",\"name\":\"Digital Marketing Days\",\"url\":\"https:\\\/\\\/horizont.dfvcg-events.de\\\/digital-marketing-days\\\/\",\"logo\":{\"@type\":\"ImageObject\",\"inLanguage\":\"de\",\"@id\":\"https:\\\/\\\/horizont.dfvcg-events.de\\\/digital-marketing-days\\\/#\\\/schema\\\/logo\\\/image\\\/\",\"url\":\"https:\\\/\\\/horizont.dfvcg-events.de\\\/digital-marketing-days\\\/wp-content\\\/uploads\\\/2023\\\/02\\\/digital-marketing-days-total-video-2023-header.png\",\"contentUrl\":\"https:\\\/\\\/horizont.dfvcg-events.de\\\/digital-marketing-days\\\/wp-content\\\/uploads\\\/2023\\\/02\\\/digital-marketing-days-total-video-2023-header.png\",\"width\":708,\"height\":325,\"caption\":\"Digital Marketing Days\"},\"image\":{\"@id\":\"https:\\\/\\\/horizont.dfvcg-events.de\\\/digital-marketing-days\\\/#\\\/schema\\\/logo\\\/image\\\/\"},\"sameAs\":[\"https:\\\/\\\/www.facebook.com\\\/Horizont\",\"https:\\\/\\\/www.youtube.com\\\/playlist?list=PLe9KlF3kLMLneK-NGUU3-bkRK9l7p9LpR\",\"https:\\\/\\\/www.xing.com\\\/events\\\/horizont-digital-marketing-days-2019-2028382\"]}]}<\/script>\n<!-- \/ Yoast SEO plugin. -->","yoast_head_json":{"title":"Alexander Ewig | Digital Marketing Days","robots":{"index":"noindex","follow":"follow"},"og_locale":"de_DE","og_type":"article","og_title":"Alexander Ewig | Digital Marketing Days","og_description":"AIDA","og_url":"https:\/\/horizont.dfvcg-events.de\/digital-marketing-days\/referent\/alexander-ewig\/","og_site_name":"Digital Marketing Days","article_publisher":"https:\/\/www.facebook.com\/Horizont","article_modified_time":"2022-08-01T06:32:47+00:00","og_image":[{"width":600,"height":800,"url":"https:\/\/horizont.dfvcg-events.de\/digital-marketing-days\/wp-content\/uploads\/2021\/04\/Ewig_Alexander_AIDA_21_1.jpg","type":"image\/jpeg"}],"twitter_card":"summary_large_image","twitter_misc":{"Gesch\u00e4tzte Lesezeit":"2\u00a0Minuten"},"schema":{"@context":"https:\/\/schema.org","@graph":[{"@type":"WebPage","@id":"https:\/\/horizont.dfvcg-events.de\/digital-marketing-days\/referent\/alexander-ewig\/","url":"https:\/\/horizont.dfvcg-events.de\/digital-marketing-days\/referent\/alexander-ewig\/","name":"Alexander Ewig | Digital Marketing Days","isPartOf":{"@id":"https:\/\/horizont.dfvcg-events.de\/digital-marketing-days\/#website"},"primaryImageOfPage":{"@id":"https:\/\/horizont.dfvcg-events.de\/digital-marketing-days\/referent\/alexander-ewig\/#primaryimage"},"image":{"@id":"https:\/\/horizont.dfvcg-events.de\/digital-marketing-days\/referent\/alexander-ewig\/#primaryimage"},"thumbnailUrl":"https:\/\/horizont.dfvcg-events.de\/digital-marketing-days\/wp-content\/uploads\/2021\/04\/Ewig_Alexander_AIDA_21_1.jpg","datePublished":"2021-04-13T10:12:04+00:00","dateModified":"2022-08-01T06:32:47+00:00","breadcrumb":{"@id":"https:\/\/horizont.dfvcg-events.de\/digital-marketing-days\/referent\/alexander-ewig\/#breadcrumb"},"inLanguage":"de","potentialAction":[{"@type":"ReadAction","target":["https:\/\/horizont.dfvcg-events.de\/digital-marketing-days\/referent\/alexander-ewig\/"]}]},{"@type":"ImageObject","inLanguage":"de","@id":"https:\/\/horizont.dfvcg-events.de\/digital-marketing-days\/referent\/alexander-ewig\/#primaryimage","url":"https:\/\/horizont.dfvcg-events.de\/digital-marketing-days\/wp-content\/uploads\/2021\/04\/Ewig_Alexander_AIDA_21_1.jpg","contentUrl":"https:\/\/horizont.dfvcg-events.de\/digital-marketing-days\/wp-content\/uploads\/2021\/04\/Ewig_Alexander_AIDA_21_1.jpg","width":600,"height":800},{"@type":"BreadcrumbList","@id":"https:\/\/horizont.dfvcg-events.de\/digital-marketing-days\/referent\/alexander-ewig\/#breadcrumb","itemListElement":[{"@type":"ListItem","position":1,"name":"Startseite","item":"https:\/\/horizont.dfvcg-events.de\/digital-marketing-days\/"},{"@type":"ListItem","position":2,"name":"Alexander Ewig"}]},{"@type":"WebSite","@id":"https:\/\/horizont.dfvcg-events.de\/digital-marketing-days\/#website","url":"https:\/\/horizont.dfvcg-events.de\/digital-marketing-days\/","name":"Digital Marketing Days","description":"Der j\u00e4hrliche Trend-Check f\u00fcr das Digital Marketing-und Bewegbild-Business","publisher":{"@id":"https:\/\/horizont.dfvcg-events.de\/digital-marketing-days\/#organization"},"alternateName":"Horizont & dfv Conference Group","potentialAction":[{"@type":"SearchAction","target":{"@type":"EntryPoint","urlTemplate":"https:\/\/horizont.dfvcg-events.de\/digital-marketing-days\/?s={search_term_string}"},"query-input":{"@type":"PropertyValueSpecification","valueRequired":true,"valueName":"search_term_string"}}],"inLanguage":"de"},{"@type":"Organization","@id":"https:\/\/horizont.dfvcg-events.de\/digital-marketing-days\/#organization","name":"Digital Marketing Days","url":"https:\/\/horizont.dfvcg-events.de\/digital-marketing-days\/","logo":{"@type":"ImageObject","inLanguage":"de","@id":"https:\/\/horizont.dfvcg-events.de\/digital-marketing-days\/#\/schema\/logo\/image\/","url":"https:\/\/horizont.dfvcg-events.de\/digital-marketing-days\/wp-content\/uploads\/2023\/02\/digital-marketing-days-total-video-2023-header.png","contentUrl":"https:\/\/horizont.dfvcg-events.de\/digital-marketing-days\/wp-content\/uploads\/2023\/02\/digital-marketing-days-total-video-2023-header.png","width":708,"height":325,"caption":"Digital Marketing Days"},"image":{"@id":"https:\/\/horizont.dfvcg-events.de\/digital-marketing-days\/#\/schema\/logo\/image\/"},"sameAs":["https:\/\/www.facebook.com\/Horizont","https:\/\/www.youtube.com\/playlist?list=PLe9KlF3kLMLneK-NGUU3-bkRK9l7p9LpR","https:\/\/www.xing.com\/events\/horizont-digital-marketing-days-2019-2028382"]}]}},"_links":{"self":[{"href":"https:\/\/horizont.dfvcg-events.de\/digital-marketing-days\/wp-json\/wp\/v2\/portfolio\/6000","targetHints":{"allow":["GET"]}}],"collection":[{"href":"https:\/\/horizont.dfvcg-events.de\/digital-marketing-days\/wp-json\/wp\/v2\/portfolio"}],"about":[{"href":"https:\/\/horizont.dfvcg-events.de\/digital-marketing-days\/wp-json\/wp\/v2\/types\/portfolio"}],"author":[{"embeddable":true,"href":"https:\/\/horizont.dfvcg-events.de\/digital-marketing-days\/wp-json\/wp\/v2\/users\/7"}],"replies":[{"embeddable":true,"href":"https:\/\/horizont.dfvcg-events.de\/digital-marketing-days\/wp-json\/wp\/v2\/comments?post=6000"}],"version-history":[{"count":3,"href":"https:\/\/horizont.dfvcg-events.de\/digital-marketing-days\/wp-json\/wp\/v2\/portfolio\/6000\/revisions"}],"predecessor-version":[{"id":7343,"href":"https:\/\/horizont.dfvcg-events.de\/digital-marketing-days\/wp-json\/wp\/v2\/portfolio\/6000\/revisions\/7343"}],"wp:featuredmedia":[{"embeddable":true,"href":"https:\/\/horizont.dfvcg-events.de\/digital-marketing-days\/wp-json\/wp\/v2\/media\/6036"}],"wp:attachment":[{"href":"https:\/\/horizont.dfvcg-events.de\/digital-marketing-days\/wp-json\/wp\/v2\/media?parent=6000"}],"wp:term":[{"taxonomy":"post_tag","embeddable":true,"href":"https:\/\/horizont.dfvcg-events.de\/digital-marketing-days\/wp-json\/wp\/v2\/tags?post=6000"},{"taxonomy":"portfolio_entries","embeddable":true,"href":"https:\/\/horizont.dfvcg-events.de\/digital-marketing-days\/wp-json\/wp\/v2\/portfolio_entries?post=6000"}],"curies":[{"name":"wp","href":"https:\/\/api.w.org\/{rel}","templated":true}]}}