{"id":7158,"date":"2022-06-15T13:54:18","date_gmt":"2022-06-15T13:54:18","guid":{"rendered":"https:\/\/horizont.dfvcg-events.de\/digital-marketing-days\/?post_type=portfolio&#038;p=7158"},"modified":"2022-06-15T13:54:18","modified_gmt":"2022-06-15T13:54:18","slug":"simon-preuss","status":"publish","type":"portfolio","link":"https:\/\/horizont.dfvcg-events.de\/digital-marketing-days\/referent\/simon-preuss\/","title":{"rendered":"Simon Preuss"},"content":{"rendered":"<div id='av_section_1'  class='avia-section av-b6w3pn-6dc00d13f043b96f0c8f0abd5966fb16 main_color avia-section-default avia-no-border-styling  avia-builder-el-0  avia-builder-el-no-sibling  avia-bg-style-scroll av-minimum-height av-minimum-height-75 av-height-75  container_wrap fullsize'   data-av_minimum_height_pc='75' data-av_min_height_opt='75'><div class='container av-section-cont-open' ><main  role=\"main\" itemprop=\"mainContentOfPage\"  class='template-page content  av-content-full alpha units'><div class='post-entry post-entry-type-page post-entry-7158'><div class='entry-content-wrapper clearfix'>\n\n<style type=\"text\/css\" data-created_by=\"avia_inline_auto\" id=\"style-css-av-971apn-4ae754a3bdd5b01d6896239f72abf5c6\">\n.flex_column.av-971apn-4ae754a3bdd5b01d6896239f72abf5c6{\nborder-radius:0px 0px 0px 0px;\npadding:0px 0px 0px 0px;\n}\n<\/style>\n<div  class='flex_column av-971apn-4ae754a3bdd5b01d6896239f72abf5c6 av_one_third  avia-builder-el-1  el_before_av_two_third  avia-builder-el-first  first flex_column_div av-zero-column-padding  '     ><style type=\"text\/css\" data-created_by=\"avia_inline_auto\" id=\"style-css-av-71x0q3-cf831c078bc0c094defe147abd52d86f\">\n.avia-image-container.av-71x0q3-cf831c078bc0c094defe147abd52d86f img.avia_image{\nbox-shadow:none;\n}\n.avia-image-container.av-71x0q3-cf831c078bc0c094defe147abd52d86f .av-image-caption-overlay-center{\ncolor:#ffffff;\n}\n<\/style>\n<div  class='avia-image-container av-71x0q3-cf831c078bc0c094defe147abd52d86f av-styling-no-styling avia-align-left  avia-builder-el-2  avia-builder-el-no-sibling '   itemprop=\"image\" itemscope=\"itemscope\" itemtype=\"https:\/\/schema.org\/ImageObject\" ><div class=\"avia-image-container-inner\"><div class=\"avia-image-overlay-wrap\"><img decoding=\"async\" fetchpriority=\"high\" class='wp-image-7159 avia-img-lazy-loading-not-7159 avia_image ' src=\"https:\/\/horizont.dfvcg-events.de\/digital-marketing-days\/wp-content\/uploads\/2022\/06\/Preuss-Simon_WEB.jpg\" alt='' title='Preuss-Simon_WEB'  height=\"500\" width=\"400\"  itemprop=\"thumbnailUrl\"  \/><\/div><\/div><\/div><\/div>\n<style type=\"text\/css\" data-created_by=\"avia_inline_auto\" id=\"style-css-av-5kyq6j-9d3c008fc994a6a97bec030851b285dd\">\n.flex_column.av-5kyq6j-9d3c008fc994a6a97bec030851b285dd{\nborder-radius:0px 0px 0px 0px;\npadding:0px 0px 0px 0px;\n}\n<\/style>\n<div  class='flex_column av-5kyq6j-9d3c008fc994a6a97bec030851b285dd av_two_third  avia-builder-el-3  el_after_av_one_third  avia-builder-el-last  flex_column_div av-zero-column-padding  '     ><p>\n<style type=\"text\/css\" data-created_by=\"avia_inline_auto\" id=\"style-css-av-kanvlc8v-0e185bdba08fe80e13c164c7cd2fd98b\">\n#top .av-special-heading.av-kanvlc8v-0e185bdba08fe80e13c164c7cd2fd98b{\npadding-bottom:35px;\n}\nbody .av-special-heading.av-kanvlc8v-0e185bdba08fe80e13c164c7cd2fd98b .av-special-heading-tag .heading-char{\nfont-size:25px;\n}\n.av-special-heading.av-kanvlc8v-0e185bdba08fe80e13c164c7cd2fd98b .av-subheading{\nfont-size:17px;\n}\n<\/style>\n<div  class='av-special-heading av-kanvlc8v-0e185bdba08fe80e13c164c7cd2fd98b av-special-heading-h2 blockquote modern-quote  avia-builder-el-4  el_before_av_textblock  avia-builder-el-first  av-linked-heading'><h2 class='av-special-heading-tag '  itemprop=\"headline\"  >Simon Preuss<\/h2><div class='av-subheading av-subheading_below'><p>Social Acceleration Manager<br \/>\nL\u2019Or\u00e9al Austria Germany<\/p>\n<\/div><div class=\"special-heading-border\"><div class=\"special-heading-inner-border\"><\/div><\/div><\/div><br \/>\n<section  class='av_textblock_section av-34mn5n-a68e390c933c6f98bb2b825e24a76ea5 '   itemscope=\"itemscope\" itemtype=\"https:\/\/schema.org\/CreativeWork\" ><div class='avia_textblock'  itemprop=\"text\" ><p>Simon Preu\u00df ist seit 2020 Social Acceleration Manager im Chief Marketing Office von L\u2019Or\u00e9al. Seine Mission ist f\u00fcr den Konzern in Deutschland und \u00d6sterreich an der Social Media und Influencer Front zu sein, um Trends und neue Plattformen zu identifizieren und L&#8217;Or\u00e9al mit Insights und Ideen zu versorgen, die das Consumer Engagement sowie Vertrauen steigern und zum Unternehmenserfolg beitragen.<\/p>\n<p>Des Weiteren besch\u00e4ftigt sich Simon mit Social Commerce und den Entwicklungen im Web3. In seiner Karriere hat Simon seit 2016 umfangreiche Expertise in Social Media und Digital Marketing aufgebaut: Er startete nach seinem Studium als Consultant &amp; Account Manager auf Agenturseite, spezialisierte sich auf das Themenfeld Social Media und betreute Kunden im Bereich Consumer Electronics, FMCG, Automotive sowie Insurance.<\/p>\n<p>2019 wechselte er zur Porsche AG als Digital Marketing Specialist und arbeitete an verschiedenen Social Media und Influencer Marketing Projekten.<\/p>\n<\/div><\/section><\/p><\/div>\n","protected":false},"excerpt":{"rendered":"<p>L\u2019Or\u00e9al Austria Germany<\/p>\n","protected":false},"author":8,"featured_media":7159,"comment_status":"closed","ping_status":"closed","template":"","meta":{"footnotes":""},"tags":[],"portfolio_entries":[14],"class_list":["post-7158","portfolio","type-portfolio","status-publish","has-post-thumbnail","hentry","portfolio_entries-referent-2022"],"yoast_head":"<!-- This site is optimized with the Yoast SEO plugin v27.4 - https:\/\/yoast.com\/product\/yoast-seo-wordpress\/ -->\n<title>Simon Preuss | Digital Marketing Days<\/title>\n<meta name=\"robots\" content=\"noindex, follow\" \/>\n<meta property=\"og:locale\" content=\"de_DE\" \/>\n<meta property=\"og:type\" content=\"article\" \/>\n<meta property=\"og:title\" content=\"Simon Preuss | Digital Marketing Days\" \/>\n<meta property=\"og:description\" content=\"L\u2019Or\u00e9al Austria Germany\" \/>\n<meta property=\"og:url\" content=\"https:\/\/horizont.dfvcg-events.de\/digital-marketing-days\/referent\/simon-preuss\/\" \/>\n<meta property=\"og:site_name\" content=\"Digital Marketing Days\" \/>\n<meta property=\"article:publisher\" content=\"https:\/\/www.facebook.com\/Horizont\" \/>\n<meta property=\"og:image\" content=\"https:\/\/horizont.dfvcg-events.de\/digital-marketing-days\/wp-content\/uploads\/2022\/06\/Preuss-Simon_WEB.jpg\" \/>\n\t<meta property=\"og:image:width\" content=\"400\" \/>\n\t<meta property=\"og:image:height\" content=\"500\" \/>\n\t<meta property=\"og:image:type\" content=\"image\/jpeg\" \/>\n<meta name=\"twitter:card\" content=\"summary_large_image\" \/>\n<meta name=\"twitter:label1\" content=\"Gesch\u00e4tzte Lesezeit\" \/>\n\t<meta name=\"twitter:data1\" content=\"3\u00a0Minuten\" \/>\n<script type=\"application\/ld+json\" class=\"yoast-schema-graph\">{\"@context\":\"https:\\\/\\\/schema.org\",\"@graph\":[{\"@type\":\"WebPage\",\"@id\":\"https:\\\/\\\/horizont.dfvcg-events.de\\\/digital-marketing-days\\\/referent\\\/simon-preuss\\\/\",\"url\":\"https:\\\/\\\/horizont.dfvcg-events.de\\\/digital-marketing-days\\\/referent\\\/simon-preuss\\\/\",\"name\":\"Simon Preuss | Digital Marketing Days\",\"isPartOf\":{\"@id\":\"https:\\\/\\\/horizont.dfvcg-events.de\\\/digital-marketing-days\\\/#website\"},\"primaryImageOfPage\":{\"@id\":\"https:\\\/\\\/horizont.dfvcg-events.de\\\/digital-marketing-days\\\/referent\\\/simon-preuss\\\/#primaryimage\"},\"image\":{\"@id\":\"https:\\\/\\\/horizont.dfvcg-events.de\\\/digital-marketing-days\\\/referent\\\/simon-preuss\\\/#primaryimage\"},\"thumbnailUrl\":\"https:\\\/\\\/horizont.dfvcg-events.de\\\/digital-marketing-days\\\/wp-content\\\/uploads\\\/2022\\\/06\\\/Preuss-Simon_WEB.jpg\",\"datePublished\":\"2022-06-15T13:54:18+00:00\",\"breadcrumb\":{\"@id\":\"https:\\\/\\\/horizont.dfvcg-events.de\\\/digital-marketing-days\\\/referent\\\/simon-preuss\\\/#breadcrumb\"},\"inLanguage\":\"de\",\"potentialAction\":[{\"@type\":\"ReadAction\",\"target\":[\"https:\\\/\\\/horizont.dfvcg-events.de\\\/digital-marketing-days\\\/referent\\\/simon-preuss\\\/\"]}]},{\"@type\":\"ImageObject\",\"inLanguage\":\"de\",\"@id\":\"https:\\\/\\\/horizont.dfvcg-events.de\\\/digital-marketing-days\\\/referent\\\/simon-preuss\\\/#primaryimage\",\"url\":\"https:\\\/\\\/horizont.dfvcg-events.de\\\/digital-marketing-days\\\/wp-content\\\/uploads\\\/2022\\\/06\\\/Preuss-Simon_WEB.jpg\",\"contentUrl\":\"https:\\\/\\\/horizont.dfvcg-events.de\\\/digital-marketing-days\\\/wp-content\\\/uploads\\\/2022\\\/06\\\/Preuss-Simon_WEB.jpg\",\"width\":400,\"height\":500},{\"@type\":\"BreadcrumbList\",\"@id\":\"https:\\\/\\\/horizont.dfvcg-events.de\\\/digital-marketing-days\\\/referent\\\/simon-preuss\\\/#breadcrumb\",\"itemListElement\":[{\"@type\":\"ListItem\",\"position\":1,\"name\":\"Startseite\",\"item\":\"https:\\\/\\\/horizont.dfvcg-events.de\\\/digital-marketing-days\\\/\"},{\"@type\":\"ListItem\",\"position\":2,\"name\":\"Simon Preuss\"}]},{\"@type\":\"WebSite\",\"@id\":\"https:\\\/\\\/horizont.dfvcg-events.de\\\/digital-marketing-days\\\/#website\",\"url\":\"https:\\\/\\\/horizont.dfvcg-events.de\\\/digital-marketing-days\\\/\",\"name\":\"Digital Marketing Days\",\"description\":\"Der j\u00e4hrliche Trend-Check f\u00fcr das Digital Marketing-und Bewegbild-Business\",\"publisher\":{\"@id\":\"https:\\\/\\\/horizont.dfvcg-events.de\\\/digital-marketing-days\\\/#organization\"},\"alternateName\":\"Horizont & dfv Conference Group\",\"potentialAction\":[{\"@type\":\"SearchAction\",\"target\":{\"@type\":\"EntryPoint\",\"urlTemplate\":\"https:\\\/\\\/horizont.dfvcg-events.de\\\/digital-marketing-days\\\/?s={search_term_string}\"},\"query-input\":{\"@type\":\"PropertyValueSpecification\",\"valueRequired\":true,\"valueName\":\"search_term_string\"}}],\"inLanguage\":\"de\"},{\"@type\":\"Organization\",\"@id\":\"https:\\\/\\\/horizont.dfvcg-events.de\\\/digital-marketing-days\\\/#organization\",\"name\":\"Digital Marketing Days\",\"url\":\"https:\\\/\\\/horizont.dfvcg-events.de\\\/digital-marketing-days\\\/\",\"logo\":{\"@type\":\"ImageObject\",\"inLanguage\":\"de\",\"@id\":\"https:\\\/\\\/horizont.dfvcg-events.de\\\/digital-marketing-days\\\/#\\\/schema\\\/logo\\\/image\\\/\",\"url\":\"https:\\\/\\\/horizont.dfvcg-events.de\\\/digital-marketing-days\\\/wp-content\\\/uploads\\\/2023\\\/02\\\/digital-marketing-days-total-video-2023-header.png\",\"contentUrl\":\"https:\\\/\\\/horizont.dfvcg-events.de\\\/digital-marketing-days\\\/wp-content\\\/uploads\\\/2023\\\/02\\\/digital-marketing-days-total-video-2023-header.png\",\"width\":708,\"height\":325,\"caption\":\"Digital Marketing Days\"},\"image\":{\"@id\":\"https:\\\/\\\/horizont.dfvcg-events.de\\\/digital-marketing-days\\\/#\\\/schema\\\/logo\\\/image\\\/\"},\"sameAs\":[\"https:\\\/\\\/www.facebook.com\\\/Horizont\",\"https:\\\/\\\/www.youtube.com\\\/playlist?list=PLe9KlF3kLMLneK-NGUU3-bkRK9l7p9LpR\",\"https:\\\/\\\/www.xing.com\\\/events\\\/horizont-digital-marketing-days-2019-2028382\"]}]}<\/script>\n<!-- \/ Yoast SEO plugin. -->","yoast_head_json":{"title":"Simon Preuss | Digital Marketing Days","robots":{"index":"noindex","follow":"follow"},"og_locale":"de_DE","og_type":"article","og_title":"Simon Preuss | Digital Marketing Days","og_description":"L\u2019Or\u00e9al Austria Germany","og_url":"https:\/\/horizont.dfvcg-events.de\/digital-marketing-days\/referent\/simon-preuss\/","og_site_name":"Digital Marketing Days","article_publisher":"https:\/\/www.facebook.com\/Horizont","og_image":[{"width":400,"height":500,"url":"https:\/\/horizont.dfvcg-events.de\/digital-marketing-days\/wp-content\/uploads\/2022\/06\/Preuss-Simon_WEB.jpg","type":"image\/jpeg"}],"twitter_card":"summary_large_image","twitter_misc":{"Gesch\u00e4tzte Lesezeit":"3\u00a0Minuten"},"schema":{"@context":"https:\/\/schema.org","@graph":[{"@type":"WebPage","@id":"https:\/\/horizont.dfvcg-events.de\/digital-marketing-days\/referent\/simon-preuss\/","url":"https:\/\/horizont.dfvcg-events.de\/digital-marketing-days\/referent\/simon-preuss\/","name":"Simon Preuss | Digital Marketing Days","isPartOf":{"@id":"https:\/\/horizont.dfvcg-events.de\/digital-marketing-days\/#website"},"primaryImageOfPage":{"@id":"https:\/\/horizont.dfvcg-events.de\/digital-marketing-days\/referent\/simon-preuss\/#primaryimage"},"image":{"@id":"https:\/\/horizont.dfvcg-events.de\/digital-marketing-days\/referent\/simon-preuss\/#primaryimage"},"thumbnailUrl":"https:\/\/horizont.dfvcg-events.de\/digital-marketing-days\/wp-content\/uploads\/2022\/06\/Preuss-Simon_WEB.jpg","datePublished":"2022-06-15T13:54:18+00:00","breadcrumb":{"@id":"https:\/\/horizont.dfvcg-events.de\/digital-marketing-days\/referent\/simon-preuss\/#breadcrumb"},"inLanguage":"de","potentialAction":[{"@type":"ReadAction","target":["https:\/\/horizont.dfvcg-events.de\/digital-marketing-days\/referent\/simon-preuss\/"]}]},{"@type":"ImageObject","inLanguage":"de","@id":"https:\/\/horizont.dfvcg-events.de\/digital-marketing-days\/referent\/simon-preuss\/#primaryimage","url":"https:\/\/horizont.dfvcg-events.de\/digital-marketing-days\/wp-content\/uploads\/2022\/06\/Preuss-Simon_WEB.jpg","contentUrl":"https:\/\/horizont.dfvcg-events.de\/digital-marketing-days\/wp-content\/uploads\/2022\/06\/Preuss-Simon_WEB.jpg","width":400,"height":500},{"@type":"BreadcrumbList","@id":"https:\/\/horizont.dfvcg-events.de\/digital-marketing-days\/referent\/simon-preuss\/#breadcrumb","itemListElement":[{"@type":"ListItem","position":1,"name":"Startseite","item":"https:\/\/horizont.dfvcg-events.de\/digital-marketing-days\/"},{"@type":"ListItem","position":2,"name":"Simon Preuss"}]},{"@type":"WebSite","@id":"https:\/\/horizont.dfvcg-events.de\/digital-marketing-days\/#website","url":"https:\/\/horizont.dfvcg-events.de\/digital-marketing-days\/","name":"Digital Marketing Days","description":"Der j\u00e4hrliche Trend-Check f\u00fcr das Digital Marketing-und Bewegbild-Business","publisher":{"@id":"https:\/\/horizont.dfvcg-events.de\/digital-marketing-days\/#organization"},"alternateName":"Horizont & dfv Conference Group","potentialAction":[{"@type":"SearchAction","target":{"@type":"EntryPoint","urlTemplate":"https:\/\/horizont.dfvcg-events.de\/digital-marketing-days\/?s={search_term_string}"},"query-input":{"@type":"PropertyValueSpecification","valueRequired":true,"valueName":"search_term_string"}}],"inLanguage":"de"},{"@type":"Organization","@id":"https:\/\/horizont.dfvcg-events.de\/digital-marketing-days\/#organization","name":"Digital Marketing Days","url":"https:\/\/horizont.dfvcg-events.de\/digital-marketing-days\/","logo":{"@type":"ImageObject","inLanguage":"de","@id":"https:\/\/horizont.dfvcg-events.de\/digital-marketing-days\/#\/schema\/logo\/image\/","url":"https:\/\/horizont.dfvcg-events.de\/digital-marketing-days\/wp-content\/uploads\/2023\/02\/digital-marketing-days-total-video-2023-header.png","contentUrl":"https:\/\/horizont.dfvcg-events.de\/digital-marketing-days\/wp-content\/uploads\/2023\/02\/digital-marketing-days-total-video-2023-header.png","width":708,"height":325,"caption":"Digital Marketing Days"},"image":{"@id":"https:\/\/horizont.dfvcg-events.de\/digital-marketing-days\/#\/schema\/logo\/image\/"},"sameAs":["https:\/\/www.facebook.com\/Horizont","https:\/\/www.youtube.com\/playlist?list=PLe9KlF3kLMLneK-NGUU3-bkRK9l7p9LpR","https:\/\/www.xing.com\/events\/horizont-digital-marketing-days-2019-2028382"]}]}},"_links":{"self":[{"href":"https:\/\/horizont.dfvcg-events.de\/digital-marketing-days\/wp-json\/wp\/v2\/portfolio\/7158","targetHints":{"allow":["GET"]}}],"collection":[{"href":"https:\/\/horizont.dfvcg-events.de\/digital-marketing-days\/wp-json\/wp\/v2\/portfolio"}],"about":[{"href":"https:\/\/horizont.dfvcg-events.de\/digital-marketing-days\/wp-json\/wp\/v2\/types\/portfolio"}],"author":[{"embeddable":true,"href":"https:\/\/horizont.dfvcg-events.de\/digital-marketing-days\/wp-json\/wp\/v2\/users\/8"}],"replies":[{"embeddable":true,"href":"https:\/\/horizont.dfvcg-events.de\/digital-marketing-days\/wp-json\/wp\/v2\/comments?post=7158"}],"version-history":[{"count":2,"href":"https:\/\/horizont.dfvcg-events.de\/digital-marketing-days\/wp-json\/wp\/v2\/portfolio\/7158\/revisions"}],"predecessor-version":[{"id":7161,"href":"https:\/\/horizont.dfvcg-events.de\/digital-marketing-days\/wp-json\/wp\/v2\/portfolio\/7158\/revisions\/7161"}],"wp:featuredmedia":[{"embeddable":true,"href":"https:\/\/horizont.dfvcg-events.de\/digital-marketing-days\/wp-json\/wp\/v2\/media\/7159"}],"wp:attachment":[{"href":"https:\/\/horizont.dfvcg-events.de\/digital-marketing-days\/wp-json\/wp\/v2\/media?parent=7158"}],"wp:term":[{"taxonomy":"post_tag","embeddable":true,"href":"https:\/\/horizont.dfvcg-events.de\/digital-marketing-days\/wp-json\/wp\/v2\/tags?post=7158"},{"taxonomy":"portfolio_entries","embeddable":true,"href":"https:\/\/horizont.dfvcg-events.de\/digital-marketing-days\/wp-json\/wp\/v2\/portfolio_entries?post=7158"}],"curies":[{"name":"wp","href":"https:\/\/api.w.org\/{rel}","templated":true}]}}