{"id":7194,"date":"2022-06-15T14:27:23","date_gmt":"2022-06-15T14:27:23","guid":{"rendered":"https:\/\/horizont.dfvcg-events.de\/digital-marketing-days\/?post_type=portfolio&#038;p=7194"},"modified":"2022-06-15T14:27:23","modified_gmt":"2022-06-15T14:27:23","slug":"thomas-zorbach","status":"publish","type":"portfolio","link":"https:\/\/horizont.dfvcg-events.de\/digital-marketing-days\/referent\/thomas-zorbach\/","title":{"rendered":"Thomas Zorbach"},"content":{"rendered":"<div id='av_section_1'  class='avia-section av-b6w3pn-6dc00d13f043b96f0c8f0abd5966fb16 main_color avia-section-default avia-no-border-styling  avia-builder-el-0  avia-builder-el-no-sibling  avia-bg-style-scroll av-minimum-height av-minimum-height-75 av-height-75  container_wrap fullsize'   data-av_minimum_height_pc='75' data-av_min_height_opt='75'><div class='container av-section-cont-open' ><main  role=\"main\" itemprop=\"mainContentOfPage\"  class='template-page content  av-content-full alpha units'><div class='post-entry post-entry-type-page post-entry-7194'><div class='entry-content-wrapper clearfix'>\n\n<style type=\"text\/css\" data-created_by=\"avia_inline_auto\" id=\"style-css-av-971apn-4ae754a3bdd5b01d6896239f72abf5c6\">\n.flex_column.av-971apn-4ae754a3bdd5b01d6896239f72abf5c6{\nborder-radius:0px 0px 0px 0px;\npadding:0px 0px 0px 0px;\n}\n<\/style>\n<div  class='flex_column av-971apn-4ae754a3bdd5b01d6896239f72abf5c6 av_one_third  avia-builder-el-1  el_before_av_two_third  avia-builder-el-first  first flex_column_div av-zero-column-padding  '     ><p>\n<style type=\"text\/css\" data-created_by=\"avia_inline_auto\" id=\"style-css-av-71x0q3-81348376f48190ab943a8451a053abf8\">\n.avia-image-container.av-71x0q3-81348376f48190ab943a8451a053abf8 img.avia_image{\nbox-shadow:none;\n}\n.avia-image-container.av-71x0q3-81348376f48190ab943a8451a053abf8 .av-image-caption-overlay-center{\ncolor:#ffffff;\n}\n<\/style>\n<div  class='avia-image-container av-71x0q3-81348376f48190ab943a8451a053abf8 av-styling-no-styling avia-align-left  avia-builder-el-2  el_before_av_textblock  avia-builder-el-first '   itemprop=\"image\" itemscope=\"itemscope\" itemtype=\"https:\/\/schema.org\/ImageObject\" ><div class=\"avia-image-container-inner\"><div class=\"avia-image-overlay-wrap\"><img decoding=\"async\" fetchpriority=\"high\" class='wp-image-7195 avia-img-lazy-loading-not-7195 avia_image ' src=\"https:\/\/horizont.dfvcg-events.de\/digital-marketing-days\/wp-content\/uploads\/2022\/06\/Zorbach_Thomas_Victoria_Tomaschko_Digital-Marketing-Days-Total-Video-2022-scaled.jpg\" alt='' title='Zorbach_Thomas_Victoria_Tomaschko_Digital Marketing Days &amp; Total Video 2022'  height=\"2560\" width=\"1707\"  itemprop=\"thumbnailUrl\" srcset=\"https:\/\/horizont.dfvcg-events.de\/digital-marketing-days\/wp-content\/uploads\/2022\/06\/Zorbach_Thomas_Victoria_Tomaschko_Digital-Marketing-Days-Total-Video-2022-scaled.jpg 1707w, https:\/\/horizont.dfvcg-events.de\/digital-marketing-days\/wp-content\/uploads\/2022\/06\/Zorbach_Thomas_Victoria_Tomaschko_Digital-Marketing-Days-Total-Video-2022-400x600.jpg 400w, https:\/\/horizont.dfvcg-events.de\/digital-marketing-days\/wp-content\/uploads\/2022\/06\/Zorbach_Thomas_Victoria_Tomaschko_Digital-Marketing-Days-Total-Video-2022-687x1030.jpg 687w, https:\/\/horizont.dfvcg-events.de\/digital-marketing-days\/wp-content\/uploads\/2022\/06\/Zorbach_Thomas_Victoria_Tomaschko_Digital-Marketing-Days-Total-Video-2022-768x1151.jpg 768w, https:\/\/horizont.dfvcg-events.de\/digital-marketing-days\/wp-content\/uploads\/2022\/06\/Zorbach_Thomas_Victoria_Tomaschko_Digital-Marketing-Days-Total-Video-2022-1024x1536.jpg 1024w, https:\/\/horizont.dfvcg-events.de\/digital-marketing-days\/wp-content\/uploads\/2022\/06\/Zorbach_Thomas_Victoria_Tomaschko_Digital-Marketing-Days-Total-Video-2022-1366x2048.jpg 1366w, https:\/\/horizont.dfvcg-events.de\/digital-marketing-days\/wp-content\/uploads\/2022\/06\/Zorbach_Thomas_Victoria_Tomaschko_Digital-Marketing-Days-Total-Video-2022-1000x1500.jpg 1000w, https:\/\/horizont.dfvcg-events.de\/digital-marketing-days\/wp-content\/uploads\/2022\/06\/Zorbach_Thomas_Victoria_Tomaschko_Digital-Marketing-Days-Total-Video-2022-470x705.jpg 470w\" sizes=\"(max-width: 1707px) 100vw, 1707px\" \/><\/div><\/div><\/div><br \/>\n<section  class='av_textblock_section av-l4fot6u1-1ce0f0c3ebecc4fe0e4b315ee97cdadf '   itemscope=\"itemscope\" itemtype=\"https:\/\/schema.org\/CreativeWork\" ><div class='avia_textblock'  itemprop=\"text\" ><p>\u00a9 Victoria Tomaschko<\/p>\n<\/div><\/section><\/p><\/div>\n<style type=\"text\/css\" data-created_by=\"avia_inline_auto\" id=\"style-css-av-5kyq6j-9d3c008fc994a6a97bec030851b285dd\">\n.flex_column.av-5kyq6j-9d3c008fc994a6a97bec030851b285dd{\nborder-radius:0px 0px 0px 0px;\npadding:0px 0px 0px 0px;\n}\n<\/style>\n<div  class='flex_column av-5kyq6j-9d3c008fc994a6a97bec030851b285dd av_two_third  avia-builder-el-4  el_after_av_one_third  avia-builder-el-last  flex_column_div av-zero-column-padding  '     ><p>\n<style type=\"text\/css\" data-created_by=\"avia_inline_auto\" id=\"style-css-av-kanvlc8v-381dc6039ffe86e892d9594ce65f0031\">\n#top .av-special-heading.av-kanvlc8v-381dc6039ffe86e892d9594ce65f0031{\npadding-bottom:35px;\n}\nbody .av-special-heading.av-kanvlc8v-381dc6039ffe86e892d9594ce65f0031 .av-special-heading-tag .heading-char{\nfont-size:25px;\n}\n.av-special-heading.av-kanvlc8v-381dc6039ffe86e892d9594ce65f0031 .av-subheading{\nfont-size:17px;\n}\n<\/style>\n<div  class='av-special-heading av-kanvlc8v-381dc6039ffe86e892d9594ce65f0031 av-special-heading-h2 blockquote modern-quote  avia-builder-el-5  el_before_av_textblock  avia-builder-el-first  av-linked-heading'><h2 class='av-special-heading-tag '  itemprop=\"headline\"  >Thomas Zorbach<\/h2><div class='av-subheading av-subheading_below'><p>Gesch\u00e4ftsf\u00fchrender Gesellschafter<br \/>\nvm-people GmbH \u2013 Agentur f\u00fcr immersive Markenf\u00fchrung<\/p>\n<\/div><div class=\"special-heading-border\"><div class=\"special-heading-inner-border\"><\/div><\/div><\/div><br \/>\n<section  class='av_textblock_section av-34mn5n-a68e390c933c6f98bb2b825e24a76ea5 '   itemscope=\"itemscope\" itemtype=\"https:\/\/schema.org\/CreativeWork\" ><div class='avia_textblock'  itemprop=\"text\" ><p>Was Immersion ist, erlebte Thomas Zorbach erstmals im Alter von elf Jahren als er \u201eDie Unendliche Geschichte\u201c von Michael Ende las und zusammen mit dem Helden Bastian Balthasar Bux nach Phant\u00e1sien reiste. Heute erz\u00e4hlt er selbst Geschichten und entwickelt immersive Markenerfahrungen f\u00fcr Unternehmen aus unterschiedlichsten Branchen.<\/p>\n<p>Nach Ausbruch der Pandemie zog Thomas Zorbach mit seiner Agentur vm-people ins Metaverse und veranstaltet dort regelm\u00e4\u00dfig Konferenzen, Workshops und Partys f\u00fcr ein weltweites Publikum. Daneben ist er als Dozent an der Karlshochschule International University t\u00e4tig und erprobt dort innovative Lernformate in der Virtual Reality.<\/p>\n<\/div><\/section><\/p><\/div>\n","protected":false},"excerpt":{"rendered":"<p>vm-people GmbH \u2013 Agentur f\u00fcr immersive Markenf\u00fchrung <\/p>\n","protected":false},"author":8,"featured_media":7195,"comment_status":"closed","ping_status":"closed","template":"","meta":{"footnotes":""},"tags":[],"portfolio_entries":[14],"class_list":["post-7194","portfolio","type-portfolio","status-publish","has-post-thumbnail","hentry","portfolio_entries-referent-2022"],"yoast_head":"<!-- This site is optimized with the Yoast SEO plugin v27.4 - https:\/\/yoast.com\/product\/yoast-seo-wordpress\/ -->\n<title>Thomas Zorbach | Digital Marketing Days<\/title>\n<meta name=\"robots\" content=\"noindex, follow\" \/>\n<meta property=\"og:locale\" content=\"de_DE\" \/>\n<meta property=\"og:type\" content=\"article\" \/>\n<meta property=\"og:title\" content=\"Thomas Zorbach | Digital Marketing Days\" \/>\n<meta property=\"og:description\" content=\"vm-people GmbH \u2013 Agentur f\u00fcr immersive Markenf\u00fchrung\" \/>\n<meta property=\"og:url\" content=\"https:\/\/horizont.dfvcg-events.de\/digital-marketing-days\/referent\/thomas-zorbach\/\" \/>\n<meta property=\"og:site_name\" content=\"Digital Marketing Days\" \/>\n<meta property=\"article:publisher\" content=\"https:\/\/www.facebook.com\/Horizont\" \/>\n<meta property=\"og:image\" content=\"https:\/\/horizont.dfvcg-events.de\/digital-marketing-days\/wp-content\/uploads\/2022\/06\/Zorbach_Thomas_Victoria_Tomaschko_Digital-Marketing-Days-Total-Video-2022-687x1030.jpg\" \/>\n\t<meta property=\"og:image:width\" content=\"687\" \/>\n\t<meta property=\"og:image:height\" content=\"1030\" \/>\n\t<meta property=\"og:image:type\" content=\"image\/jpeg\" \/>\n<meta name=\"twitter:card\" content=\"summary_large_image\" \/>\n<meta name=\"twitter:label1\" content=\"Gesch\u00e4tzte Lesezeit\" \/>\n\t<meta name=\"twitter:data1\" content=\"3\u00a0Minuten\" \/>\n<script type=\"application\/ld+json\" class=\"yoast-schema-graph\">{\"@context\":\"https:\\\/\\\/schema.org\",\"@graph\":[{\"@type\":\"WebPage\",\"@id\":\"https:\\\/\\\/horizont.dfvcg-events.de\\\/digital-marketing-days\\\/referent\\\/thomas-zorbach\\\/\",\"url\":\"https:\\\/\\\/horizont.dfvcg-events.de\\\/digital-marketing-days\\\/referent\\\/thomas-zorbach\\\/\",\"name\":\"Thomas Zorbach | Digital Marketing Days\",\"isPartOf\":{\"@id\":\"https:\\\/\\\/horizont.dfvcg-events.de\\\/digital-marketing-days\\\/#website\"},\"primaryImageOfPage\":{\"@id\":\"https:\\\/\\\/horizont.dfvcg-events.de\\\/digital-marketing-days\\\/referent\\\/thomas-zorbach\\\/#primaryimage\"},\"image\":{\"@id\":\"https:\\\/\\\/horizont.dfvcg-events.de\\\/digital-marketing-days\\\/referent\\\/thomas-zorbach\\\/#primaryimage\"},\"thumbnailUrl\":\"https:\\\/\\\/horizont.dfvcg-events.de\\\/digital-marketing-days\\\/wp-content\\\/uploads\\\/2022\\\/06\\\/Zorbach_Thomas_Victoria_Tomaschko_Digital-Marketing-Days-Total-Video-2022-scaled.jpg\",\"datePublished\":\"2022-06-15T14:27:23+00:00\",\"breadcrumb\":{\"@id\":\"https:\\\/\\\/horizont.dfvcg-events.de\\\/digital-marketing-days\\\/referent\\\/thomas-zorbach\\\/#breadcrumb\"},\"inLanguage\":\"de\",\"potentialAction\":[{\"@type\":\"ReadAction\",\"target\":[\"https:\\\/\\\/horizont.dfvcg-events.de\\\/digital-marketing-days\\\/referent\\\/thomas-zorbach\\\/\"]}]},{\"@type\":\"ImageObject\",\"inLanguage\":\"de\",\"@id\":\"https:\\\/\\\/horizont.dfvcg-events.de\\\/digital-marketing-days\\\/referent\\\/thomas-zorbach\\\/#primaryimage\",\"url\":\"https:\\\/\\\/horizont.dfvcg-events.de\\\/digital-marketing-days\\\/wp-content\\\/uploads\\\/2022\\\/06\\\/Zorbach_Thomas_Victoria_Tomaschko_Digital-Marketing-Days-Total-Video-2022-scaled.jpg\",\"contentUrl\":\"https:\\\/\\\/horizont.dfvcg-events.de\\\/digital-marketing-days\\\/wp-content\\\/uploads\\\/2022\\\/06\\\/Zorbach_Thomas_Victoria_Tomaschko_Digital-Marketing-Days-Total-Video-2022-scaled.jpg\",\"width\":1707,\"height\":2560},{\"@type\":\"BreadcrumbList\",\"@id\":\"https:\\\/\\\/horizont.dfvcg-events.de\\\/digital-marketing-days\\\/referent\\\/thomas-zorbach\\\/#breadcrumb\",\"itemListElement\":[{\"@type\":\"ListItem\",\"position\":1,\"name\":\"Startseite\",\"item\":\"https:\\\/\\\/horizont.dfvcg-events.de\\\/digital-marketing-days\\\/\"},{\"@type\":\"ListItem\",\"position\":2,\"name\":\"Thomas Zorbach\"}]},{\"@type\":\"WebSite\",\"@id\":\"https:\\\/\\\/horizont.dfvcg-events.de\\\/digital-marketing-days\\\/#website\",\"url\":\"https:\\\/\\\/horizont.dfvcg-events.de\\\/digital-marketing-days\\\/\",\"name\":\"Digital Marketing Days\",\"description\":\"Der j\u00e4hrliche Trend-Check f\u00fcr das Digital Marketing-und Bewegbild-Business\",\"publisher\":{\"@id\":\"https:\\\/\\\/horizont.dfvcg-events.de\\\/digital-marketing-days\\\/#organization\"},\"alternateName\":\"Horizont & dfv Conference Group\",\"potentialAction\":[{\"@type\":\"SearchAction\",\"target\":{\"@type\":\"EntryPoint\",\"urlTemplate\":\"https:\\\/\\\/horizont.dfvcg-events.de\\\/digital-marketing-days\\\/?s={search_term_string}\"},\"query-input\":{\"@type\":\"PropertyValueSpecification\",\"valueRequired\":true,\"valueName\":\"search_term_string\"}}],\"inLanguage\":\"de\"},{\"@type\":\"Organization\",\"@id\":\"https:\\\/\\\/horizont.dfvcg-events.de\\\/digital-marketing-days\\\/#organization\",\"name\":\"Digital Marketing Days\",\"url\":\"https:\\\/\\\/horizont.dfvcg-events.de\\\/digital-marketing-days\\\/\",\"logo\":{\"@type\":\"ImageObject\",\"inLanguage\":\"de\",\"@id\":\"https:\\\/\\\/horizont.dfvcg-events.de\\\/digital-marketing-days\\\/#\\\/schema\\\/logo\\\/image\\\/\",\"url\":\"https:\\\/\\\/horizont.dfvcg-events.de\\\/digital-marketing-days\\\/wp-content\\\/uploads\\\/2023\\\/02\\\/digital-marketing-days-total-video-2023-header.png\",\"contentUrl\":\"https:\\\/\\\/horizont.dfvcg-events.de\\\/digital-marketing-days\\\/wp-content\\\/uploads\\\/2023\\\/02\\\/digital-marketing-days-total-video-2023-header.png\",\"width\":708,\"height\":325,\"caption\":\"Digital Marketing Days\"},\"image\":{\"@id\":\"https:\\\/\\\/horizont.dfvcg-events.de\\\/digital-marketing-days\\\/#\\\/schema\\\/logo\\\/image\\\/\"},\"sameAs\":[\"https:\\\/\\\/www.facebook.com\\\/Horizont\",\"https:\\\/\\\/www.youtube.com\\\/playlist?list=PLe9KlF3kLMLneK-NGUU3-bkRK9l7p9LpR\",\"https:\\\/\\\/www.xing.com\\\/events\\\/horizont-digital-marketing-days-2019-2028382\"]}]}<\/script>\n<!-- \/ Yoast SEO plugin. -->","yoast_head_json":{"title":"Thomas Zorbach | Digital Marketing Days","robots":{"index":"noindex","follow":"follow"},"og_locale":"de_DE","og_type":"article","og_title":"Thomas Zorbach | Digital Marketing Days","og_description":"vm-people GmbH \u2013 Agentur f\u00fcr immersive Markenf\u00fchrung","og_url":"https:\/\/horizont.dfvcg-events.de\/digital-marketing-days\/referent\/thomas-zorbach\/","og_site_name":"Digital Marketing Days","article_publisher":"https:\/\/www.facebook.com\/Horizont","og_image":[{"width":687,"height":1030,"url":"https:\/\/horizont.dfvcg-events.de\/digital-marketing-days\/wp-content\/uploads\/2022\/06\/Zorbach_Thomas_Victoria_Tomaschko_Digital-Marketing-Days-Total-Video-2022-687x1030.jpg","type":"image\/jpeg"}],"twitter_card":"summary_large_image","twitter_misc":{"Gesch\u00e4tzte Lesezeit":"3\u00a0Minuten"},"schema":{"@context":"https:\/\/schema.org","@graph":[{"@type":"WebPage","@id":"https:\/\/horizont.dfvcg-events.de\/digital-marketing-days\/referent\/thomas-zorbach\/","url":"https:\/\/horizont.dfvcg-events.de\/digital-marketing-days\/referent\/thomas-zorbach\/","name":"Thomas Zorbach | Digital Marketing Days","isPartOf":{"@id":"https:\/\/horizont.dfvcg-events.de\/digital-marketing-days\/#website"},"primaryImageOfPage":{"@id":"https:\/\/horizont.dfvcg-events.de\/digital-marketing-days\/referent\/thomas-zorbach\/#primaryimage"},"image":{"@id":"https:\/\/horizont.dfvcg-events.de\/digital-marketing-days\/referent\/thomas-zorbach\/#primaryimage"},"thumbnailUrl":"https:\/\/horizont.dfvcg-events.de\/digital-marketing-days\/wp-content\/uploads\/2022\/06\/Zorbach_Thomas_Victoria_Tomaschko_Digital-Marketing-Days-Total-Video-2022-scaled.jpg","datePublished":"2022-06-15T14:27:23+00:00","breadcrumb":{"@id":"https:\/\/horizont.dfvcg-events.de\/digital-marketing-days\/referent\/thomas-zorbach\/#breadcrumb"},"inLanguage":"de","potentialAction":[{"@type":"ReadAction","target":["https:\/\/horizont.dfvcg-events.de\/digital-marketing-days\/referent\/thomas-zorbach\/"]}]},{"@type":"ImageObject","inLanguage":"de","@id":"https:\/\/horizont.dfvcg-events.de\/digital-marketing-days\/referent\/thomas-zorbach\/#primaryimage","url":"https:\/\/horizont.dfvcg-events.de\/digital-marketing-days\/wp-content\/uploads\/2022\/06\/Zorbach_Thomas_Victoria_Tomaschko_Digital-Marketing-Days-Total-Video-2022-scaled.jpg","contentUrl":"https:\/\/horizont.dfvcg-events.de\/digital-marketing-days\/wp-content\/uploads\/2022\/06\/Zorbach_Thomas_Victoria_Tomaschko_Digital-Marketing-Days-Total-Video-2022-scaled.jpg","width":1707,"height":2560},{"@type":"BreadcrumbList","@id":"https:\/\/horizont.dfvcg-events.de\/digital-marketing-days\/referent\/thomas-zorbach\/#breadcrumb","itemListElement":[{"@type":"ListItem","position":1,"name":"Startseite","item":"https:\/\/horizont.dfvcg-events.de\/digital-marketing-days\/"},{"@type":"ListItem","position":2,"name":"Thomas Zorbach"}]},{"@type":"WebSite","@id":"https:\/\/horizont.dfvcg-events.de\/digital-marketing-days\/#website","url":"https:\/\/horizont.dfvcg-events.de\/digital-marketing-days\/","name":"Digital Marketing Days","description":"Der j\u00e4hrliche Trend-Check f\u00fcr das Digital Marketing-und Bewegbild-Business","publisher":{"@id":"https:\/\/horizont.dfvcg-events.de\/digital-marketing-days\/#organization"},"alternateName":"Horizont & dfv Conference Group","potentialAction":[{"@type":"SearchAction","target":{"@type":"EntryPoint","urlTemplate":"https:\/\/horizont.dfvcg-events.de\/digital-marketing-days\/?s={search_term_string}"},"query-input":{"@type":"PropertyValueSpecification","valueRequired":true,"valueName":"search_term_string"}}],"inLanguage":"de"},{"@type":"Organization","@id":"https:\/\/horizont.dfvcg-events.de\/digital-marketing-days\/#organization","name":"Digital Marketing Days","url":"https:\/\/horizont.dfvcg-events.de\/digital-marketing-days\/","logo":{"@type":"ImageObject","inLanguage":"de","@id":"https:\/\/horizont.dfvcg-events.de\/digital-marketing-days\/#\/schema\/logo\/image\/","url":"https:\/\/horizont.dfvcg-events.de\/digital-marketing-days\/wp-content\/uploads\/2023\/02\/digital-marketing-days-total-video-2023-header.png","contentUrl":"https:\/\/horizont.dfvcg-events.de\/digital-marketing-days\/wp-content\/uploads\/2023\/02\/digital-marketing-days-total-video-2023-header.png","width":708,"height":325,"caption":"Digital Marketing Days"},"image":{"@id":"https:\/\/horizont.dfvcg-events.de\/digital-marketing-days\/#\/schema\/logo\/image\/"},"sameAs":["https:\/\/www.facebook.com\/Horizont","https:\/\/www.youtube.com\/playlist?list=PLe9KlF3kLMLneK-NGUU3-bkRK9l7p9LpR","https:\/\/www.xing.com\/events\/horizont-digital-marketing-days-2019-2028382"]}]}},"_links":{"self":[{"href":"https:\/\/horizont.dfvcg-events.de\/digital-marketing-days\/wp-json\/wp\/v2\/portfolio\/7194","targetHints":{"allow":["GET"]}}],"collection":[{"href":"https:\/\/horizont.dfvcg-events.de\/digital-marketing-days\/wp-json\/wp\/v2\/portfolio"}],"about":[{"href":"https:\/\/horizont.dfvcg-events.de\/digital-marketing-days\/wp-json\/wp\/v2\/types\/portfolio"}],"author":[{"embeddable":true,"href":"https:\/\/horizont.dfvcg-events.de\/digital-marketing-days\/wp-json\/wp\/v2\/users\/8"}],"replies":[{"embeddable":true,"href":"https:\/\/horizont.dfvcg-events.de\/digital-marketing-days\/wp-json\/wp\/v2\/comments?post=7194"}],"version-history":[{"count":2,"href":"https:\/\/horizont.dfvcg-events.de\/digital-marketing-days\/wp-json\/wp\/v2\/portfolio\/7194\/revisions"}],"predecessor-version":[{"id":7197,"href":"https:\/\/horizont.dfvcg-events.de\/digital-marketing-days\/wp-json\/wp\/v2\/portfolio\/7194\/revisions\/7197"}],"wp:featuredmedia":[{"embeddable":true,"href":"https:\/\/horizont.dfvcg-events.de\/digital-marketing-days\/wp-json\/wp\/v2\/media\/7195"}],"wp:attachment":[{"href":"https:\/\/horizont.dfvcg-events.de\/digital-marketing-days\/wp-json\/wp\/v2\/media?parent=7194"}],"wp:term":[{"taxonomy":"post_tag","embeddable":true,"href":"https:\/\/horizont.dfvcg-events.de\/digital-marketing-days\/wp-json\/wp\/v2\/tags?post=7194"},{"taxonomy":"portfolio_entries","embeddable":true,"href":"https:\/\/horizont.dfvcg-events.de\/digital-marketing-days\/wp-json\/wp\/v2\/portfolio_entries?post=7194"}],"curies":[{"name":"wp","href":"https:\/\/api.w.org\/{rel}","templated":true}]}}