{"id":9190,"date":"2024-05-22T15:13:33","date_gmt":"2024-05-22T13:13:33","guid":{"rendered":"https:\/\/horizont.dfvcg-events.de\/werbewirkungsgipfel\/?post_type=portfolio&#038;p=9190"},"modified":"2025-07-03T09:39:11","modified_gmt":"2025-07-03T07:39:11","slug":"uwe-storch-2","status":"publish","type":"portfolio","link":"https:\/\/horizont.dfvcg-events.de\/werbewirkungsgipfel\/referenten\/uwe-storch-2\/","title":{"rendered":"Uwe Storch"},"content":{"rendered":"<div id='av_section_1'  class='avia-section av-b7cdtz-09c3e13c530ffaac6b8e013367813547 main_color avia-section-default avia-no-border-styling  avia-builder-el-0  avia-builder-el-no-sibling  avia-bg-style-scroll av-minimum-height av-minimum-height-75 av-height-75  container_wrap fullsize'   data-av_minimum_height_pc='75' data-av_min_height_opt='75'><div class='container av-section-cont-open' ><main  role=\"main\" itemprop=\"mainContentOfPage\"  class='template-page content  av-content-full alpha units'><div class='post-entry post-entry-type-page post-entry-9190'><div class='entry-content-wrapper clearfix'>\n\n<style type=\"text\/css\" data-created_by=\"avia_inline_auto\" id=\"style-css-av-9fxi6v-5f3146e9c1c6bec54f9c9227f130df97\">\n.flex_column.av-9fxi6v-5f3146e9c1c6bec54f9c9227f130df97{\nborder-radius:0px 0px 0px 0px;\npadding:0px 0px 0px 0px;\n}\n<\/style>\n<div  class='flex_column av-9fxi6v-5f3146e9c1c6bec54f9c9227f130df97 av_one_third  avia-builder-el-1  el_before_av_two_third  avia-builder-el-first  first flex_column_div av-zero-column-padding  '     ><style type=\"text\/css\" data-created_by=\"avia_inline_auto\" id=\"style-css-av-7m48zb-ded89002d42197c12e276e209f5678b9\">\n.avia-image-container.av-7m48zb-ded89002d42197c12e276e209f5678b9 img.avia_image{\nbox-shadow:none;\n}\n.avia-image-container.av-7m48zb-ded89002d42197c12e276e209f5678b9 .av-image-caption-overlay-center{\ncolor:#ffffff;\n}\n<\/style>\n<div  class='avia-image-container av-7m48zb-ded89002d42197c12e276e209f5678b9 av-styling-no-styling avia-align-left  avia-builder-el-2  avia-builder-el-no-sibling  av-has-copyright av-copyright-icon-reveal'   itemprop=\"image\" itemscope=\"itemscope\" itemtype=\"https:\/\/schema.org\/ImageObject\" ><div class=\"avia-image-container-inner\"><div class=\"avia-image-overlay-wrap\"><img decoding=\"async\" fetchpriority=\"high\" class='wp-image-9191 avia-img-lazy-loading-not-9191 avia_image ' src=\"https:\/\/horizont.dfvcg-events.de\/werbewirkungsgipfel\/wp-content\/uploads\/2024\/05\/Storch-Uwe-Ferrero-Fotocredit-Ferrero-web.jpg\" alt='uwe storch' title='Storch-Uwe-Ferrero-Fotocredit Ferrero-web'  height=\"500\" width=\"400\"  itemprop=\"thumbnailUrl\"  \/><\/div><small class=\"avia-copyright\">Ferrero<span class='avia-svg-icon avia-font-svg_entypo-fontello' data-av_svg_icon='info' data-av_iconset='svg_entypo-fontello'><svg version=\"1.1\" xmlns=\"http:\/\/www.w3.org\/2000\/svg\" width=\"15\" height=\"32\" viewBox=\"0 0 15 32\" preserveAspectRatio=\"xMidYMid meet\" aria-labelledby='av-svg-title-1' aria-describedby='av-svg-desc-1' role=\"graphics-symbol\">\n<title id='av-svg-title-1'>Info<\/title>\n<desc id='av-svg-desc-1'>Info<\/desc>\n<path d=\"M11.264 0q1.536 0 2.368 0.864t0.832 2.208q0 1.6-1.248 2.816t-3.040 1.216q-1.536 0-2.368-0.832t-0.768-2.304q0-1.472 1.12-2.72t3.104-1.248zM4.672 32q-3.2 0-1.728-5.696l1.92-8.128q0.448-1.792 0-1.792-0.384 0-1.728 0.576t-2.304 1.216l-0.832-1.408q2.88-2.496 6.048-4.032t4.832-1.536q2.496 0 1.152 5.184l-2.24 8.512q-0.512 2.048 0.192 2.048 1.408 0 3.776-1.92l0.96 1.28q-2.688 2.752-5.6 4.224t-4.448 1.472z\"><\/path>\n<\/svg><\/span><\/small><\/div><\/div><\/div>\n<style type=\"text\/css\" data-created_by=\"avia_inline_auto\" id=\"style-css-av-5sipjr-398dd810a5bf8a19aad18140c3550999\">\n.flex_column.av-5sipjr-398dd810a5bf8a19aad18140c3550999{\nborder-radius:0px 0px 0px 0px;\npadding:0px 0px 0px 0px;\n}\n<\/style>\n<div  class='flex_column av-5sipjr-398dd810a5bf8a19aad18140c3550999 av_two_third  avia-builder-el-3  el_after_av_one_third  avia-builder-el-last  flex_column_div av-zero-column-padding  '     ><p>\n<style type=\"text\/css\" data-created_by=\"avia_inline_auto\" id=\"style-css-av-jid7safz-4568e470c31be7f12b903d8d8c9a0375\">\n#top .av-special-heading.av-jid7safz-4568e470c31be7f12b903d8d8c9a0375{\npadding-bottom:35px;\n}\nbody .av-special-heading.av-jid7safz-4568e470c31be7f12b903d8d8c9a0375 .av-special-heading-tag .heading-char{\nfont-size:25px;\n}\n.av-special-heading.av-jid7safz-4568e470c31be7f12b903d8d8c9a0375 .av-subheading{\nfont-size:17px;\n}\n<\/style>\n<div  class='av-special-heading av-jid7safz-4568e470c31be7f12b903d8d8c9a0375 av-special-heading-h2 blockquote modern-quote  avia-builder-el-4  el_before_av_textblock  avia-builder-el-first '><h2 class='av-special-heading-tag '  itemprop=\"headline\"  >Uwe Storch<\/h2><div class='av-subheading av-subheading_below'><p>Head of Media und stellvertretend. Direktor<br \/>\nFerrero \/ Vorsitzender OWM<\/p>\n<\/div><div class=\"special-heading-border\"><div class=\"special-heading-inner-border\"><\/div><\/div><\/div><br \/>\n<section  class='av_textblock_section av-25sryv-c29d7ca1b84d1d6eed71f78c01eb1758 '   itemscope=\"itemscope\" itemtype=\"https:\/\/schema.org\/CreativeWork\" ><div class='avia_textblock'  itemprop=\"text\" ><p>Uwe Storch ist seit 2010 im Vorstand der OWM aktiv. Nach sechs Jahren als stellvertretender Vorsitzender hat er 2019 den Vorsitz des Vorstands \u00fcbernommen und widmet sich dort mit gro\u00dfem pers\u00f6nlichem Engagement unter anderem der Weiterentwicklung der deutschen Joint Industry Committees. In seinem zweiten Leben ist Uwe Storch Direktor Media bei Ferrero. Dort ist er bereits seit 1989 t\u00e4tig und hat nach verschiedenen Stationen 2008 die Leitung des Media-Bereichs \u00fcbernommen.<\/p>\n<\/div><\/section><\/p><\/div>\n","protected":false},"excerpt":{"rendered":"<p>Ferrero \/ Vorsitzender OWM<\/p>\n","protected":false},"author":7,"featured_media":9191,"comment_status":"closed","ping_status":"closed","template":"","meta":{"footnotes":""},"tags":[],"portfolio_entries":[18,19],"class_list":["post-9190","portfolio","type-portfolio","status-publish","has-post-thumbnail","hentry","portfolio_entries-referent-2024","portfolio_entries-referent-2024-feature"],"yoast_head":"<!-- This site is optimized with the Yoast SEO plugin v27.4 - https:\/\/yoast.com\/product\/yoast-seo-wordpress\/ -->\n<title>Uwe Storch | HORIZONT Werbewirkungsgipfel<\/title>\n<meta name=\"robots\" content=\"noindex, follow\" \/>\n<meta property=\"og:locale\" content=\"de_DE\" \/>\n<meta property=\"og:type\" content=\"article\" \/>\n<meta property=\"og:title\" content=\"Uwe Storch | HORIZONT Werbewirkungsgipfel\" \/>\n<meta property=\"og:description\" content=\"Ferrero \/ Vorsitzender OWM\" \/>\n<meta property=\"og:url\" content=\"https:\/\/horizont.dfvcg-events.de\/werbewirkungsgipfel\/referenten\/uwe-storch-2\/\" \/>\n<meta property=\"og:site_name\" content=\"HORIZONT Werbewirkungsgipfel\" \/>\n<meta property=\"article:modified_time\" content=\"2025-07-03T07:39:11+00:00\" \/>\n<meta property=\"og:image\" content=\"https:\/\/horizont.dfvcg-events.de\/werbewirkungsgipfel\/wp-content\/uploads\/2024\/05\/Storch-Uwe-Ferrero-Fotocredit-Ferrero-web.jpg\" \/>\n\t<meta property=\"og:image:width\" content=\"400\" \/>\n\t<meta property=\"og:image:height\" content=\"500\" \/>\n\t<meta property=\"og:image:type\" content=\"image\/jpeg\" \/>\n<meta name=\"twitter:card\" content=\"summary_large_image\" \/>\n<meta name=\"twitter:label1\" content=\"Gesch\u00e4tzte Lesezeit\" \/>\n\t<meta name=\"twitter:data1\" content=\"1\u00a0Minute\" \/>\n<script type=\"application\/ld+json\" class=\"yoast-schema-graph\">{\"@context\":\"https:\\\/\\\/schema.org\",\"@graph\":[{\"@type\":\"WebPage\",\"@id\":\"https:\\\/\\\/horizont.dfvcg-events.de\\\/werbewirkungsgipfel\\\/referenten\\\/uwe-storch-2\\\/\",\"url\":\"https:\\\/\\\/horizont.dfvcg-events.de\\\/werbewirkungsgipfel\\\/referenten\\\/uwe-storch-2\\\/\",\"name\":\"Uwe Storch | HORIZONT Werbewirkungsgipfel\",\"isPartOf\":{\"@id\":\"https:\\\/\\\/horizont.dfvcg-events.de\\\/werbewirkungsgipfel\\\/#website\"},\"primaryImageOfPage\":{\"@id\":\"https:\\\/\\\/horizont.dfvcg-events.de\\\/werbewirkungsgipfel\\\/referenten\\\/uwe-storch-2\\\/#primaryimage\"},\"image\":{\"@id\":\"https:\\\/\\\/horizont.dfvcg-events.de\\\/werbewirkungsgipfel\\\/referenten\\\/uwe-storch-2\\\/#primaryimage\"},\"thumbnailUrl\":\"https:\\\/\\\/horizont.dfvcg-events.de\\\/werbewirkungsgipfel\\\/wp-content\\\/uploads\\\/2024\\\/05\\\/Storch-Uwe-Ferrero-Fotocredit-Ferrero-web.jpg\",\"datePublished\":\"2024-05-22T13:13:33+00:00\",\"dateModified\":\"2025-07-03T07:39:11+00:00\",\"breadcrumb\":{\"@id\":\"https:\\\/\\\/horizont.dfvcg-events.de\\\/werbewirkungsgipfel\\\/referenten\\\/uwe-storch-2\\\/#breadcrumb\"},\"inLanguage\":\"de\",\"potentialAction\":[{\"@type\":\"ReadAction\",\"target\":[\"https:\\\/\\\/horizont.dfvcg-events.de\\\/werbewirkungsgipfel\\\/referenten\\\/uwe-storch-2\\\/\"]}]},{\"@type\":\"ImageObject\",\"inLanguage\":\"de\",\"@id\":\"https:\\\/\\\/horizont.dfvcg-events.de\\\/werbewirkungsgipfel\\\/referenten\\\/uwe-storch-2\\\/#primaryimage\",\"url\":\"https:\\\/\\\/horizont.dfvcg-events.de\\\/werbewirkungsgipfel\\\/wp-content\\\/uploads\\\/2024\\\/05\\\/Storch-Uwe-Ferrero-Fotocredit-Ferrero-web.jpg\",\"contentUrl\":\"https:\\\/\\\/horizont.dfvcg-events.de\\\/werbewirkungsgipfel\\\/wp-content\\\/uploads\\\/2024\\\/05\\\/Storch-Uwe-Ferrero-Fotocredit-Ferrero-web.jpg\",\"width\":400,\"height\":500,\"caption\":\"uwe storch\"},{\"@type\":\"BreadcrumbList\",\"@id\":\"https:\\\/\\\/horizont.dfvcg-events.de\\\/werbewirkungsgipfel\\\/referenten\\\/uwe-storch-2\\\/#breadcrumb\",\"itemListElement\":[{\"@type\":\"ListItem\",\"position\":1,\"name\":\"Startseite\",\"item\":\"https:\\\/\\\/horizont.dfvcg-events.de\\\/werbewirkungsgipfel\\\/\"},{\"@type\":\"ListItem\",\"position\":2,\"name\":\"Uwe Storch\"}]},{\"@type\":\"WebSite\",\"@id\":\"https:\\\/\\\/horizont.dfvcg-events.de\\\/werbewirkungsgipfel\\\/#website\",\"url\":\"https:\\\/\\\/horizont.dfvcg-events.de\\\/werbewirkungsgipfel\\\/\",\"name\":\"HORIZONT Werbewirkungsgipfel\",\"description\":\"Der Jahrestreff f\u00fcr Werbetreibende, Agenturvertreter:innen und Vermarkter!\",\"publisher\":{\"@id\":\"https:\\\/\\\/horizont.dfvcg-events.de\\\/werbewirkungsgipfel\\\/#organization\"},\"alternateName\":\"HORIZONT WWG\",\"potentialAction\":[{\"@type\":\"SearchAction\",\"target\":{\"@type\":\"EntryPoint\",\"urlTemplate\":\"https:\\\/\\\/horizont.dfvcg-events.de\\\/werbewirkungsgipfel\\\/?s={search_term_string}\"},\"query-input\":{\"@type\":\"PropertyValueSpecification\",\"valueRequired\":true,\"valueName\":\"search_term_string\"}}],\"inLanguage\":\"de\"},{\"@type\":\"Organization\",\"@id\":\"https:\\\/\\\/horizont.dfvcg-events.de\\\/werbewirkungsgipfel\\\/#organization\",\"name\":\"HORIZONT Werbewirkungsgipfel\",\"alternateName\":\"HORIZONT WWG\",\"url\":\"https:\\\/\\\/horizont.dfvcg-events.de\\\/werbewirkungsgipfel\\\/\",\"logo\":{\"@type\":\"ImageObject\",\"inLanguage\":\"de\",\"@id\":\"https:\\\/\\\/horizont.dfvcg-events.de\\\/werbewirkungsgipfel\\\/#\\\/schema\\\/logo\\\/image\\\/\",\"url\":\"https:\\\/\\\/horizont.dfvcg-events.de\\\/werbewirkungsgipfel\\\/wp-content\\\/uploads\\\/2024\\\/03\\\/insights-werbewirkungsgipfel-logo-animation.gif\",\"contentUrl\":\"https:\\\/\\\/horizont.dfvcg-events.de\\\/werbewirkungsgipfel\\\/wp-content\\\/uploads\\\/2024\\\/03\\\/insights-werbewirkungsgipfel-logo-animation.gif\",\"width\":800,\"height\":800,\"caption\":\"HORIZONT Werbewirkungsgipfel\"},\"image\":{\"@id\":\"https:\\\/\\\/horizont.dfvcg-events.de\\\/werbewirkungsgipfel\\\/#\\\/schema\\\/logo\\\/image\\\/\"}}]}<\/script>\n<!-- \/ Yoast SEO plugin. -->","yoast_head_json":{"title":"Uwe Storch | HORIZONT Werbewirkungsgipfel","robots":{"index":"noindex","follow":"follow"},"og_locale":"de_DE","og_type":"article","og_title":"Uwe Storch | HORIZONT Werbewirkungsgipfel","og_description":"Ferrero \/ Vorsitzender OWM","og_url":"https:\/\/horizont.dfvcg-events.de\/werbewirkungsgipfel\/referenten\/uwe-storch-2\/","og_site_name":"HORIZONT Werbewirkungsgipfel","article_modified_time":"2025-07-03T07:39:11+00:00","og_image":[{"width":400,"height":500,"url":"https:\/\/horizont.dfvcg-events.de\/werbewirkungsgipfel\/wp-content\/uploads\/2024\/05\/Storch-Uwe-Ferrero-Fotocredit-Ferrero-web.jpg","type":"image\/jpeg"}],"twitter_card":"summary_large_image","twitter_misc":{"Gesch\u00e4tzte Lesezeit":"1\u00a0Minute"},"schema":{"@context":"https:\/\/schema.org","@graph":[{"@type":"WebPage","@id":"https:\/\/horizont.dfvcg-events.de\/werbewirkungsgipfel\/referenten\/uwe-storch-2\/","url":"https:\/\/horizont.dfvcg-events.de\/werbewirkungsgipfel\/referenten\/uwe-storch-2\/","name":"Uwe Storch | HORIZONT Werbewirkungsgipfel","isPartOf":{"@id":"https:\/\/horizont.dfvcg-events.de\/werbewirkungsgipfel\/#website"},"primaryImageOfPage":{"@id":"https:\/\/horizont.dfvcg-events.de\/werbewirkungsgipfel\/referenten\/uwe-storch-2\/#primaryimage"},"image":{"@id":"https:\/\/horizont.dfvcg-events.de\/werbewirkungsgipfel\/referenten\/uwe-storch-2\/#primaryimage"},"thumbnailUrl":"https:\/\/horizont.dfvcg-events.de\/werbewirkungsgipfel\/wp-content\/uploads\/2024\/05\/Storch-Uwe-Ferrero-Fotocredit-Ferrero-web.jpg","datePublished":"2024-05-22T13:13:33+00:00","dateModified":"2025-07-03T07:39:11+00:00","breadcrumb":{"@id":"https:\/\/horizont.dfvcg-events.de\/werbewirkungsgipfel\/referenten\/uwe-storch-2\/#breadcrumb"},"inLanguage":"de","potentialAction":[{"@type":"ReadAction","target":["https:\/\/horizont.dfvcg-events.de\/werbewirkungsgipfel\/referenten\/uwe-storch-2\/"]}]},{"@type":"ImageObject","inLanguage":"de","@id":"https:\/\/horizont.dfvcg-events.de\/werbewirkungsgipfel\/referenten\/uwe-storch-2\/#primaryimage","url":"https:\/\/horizont.dfvcg-events.de\/werbewirkungsgipfel\/wp-content\/uploads\/2024\/05\/Storch-Uwe-Ferrero-Fotocredit-Ferrero-web.jpg","contentUrl":"https:\/\/horizont.dfvcg-events.de\/werbewirkungsgipfel\/wp-content\/uploads\/2024\/05\/Storch-Uwe-Ferrero-Fotocredit-Ferrero-web.jpg","width":400,"height":500,"caption":"uwe storch"},{"@type":"BreadcrumbList","@id":"https:\/\/horizont.dfvcg-events.de\/werbewirkungsgipfel\/referenten\/uwe-storch-2\/#breadcrumb","itemListElement":[{"@type":"ListItem","position":1,"name":"Startseite","item":"https:\/\/horizont.dfvcg-events.de\/werbewirkungsgipfel\/"},{"@type":"ListItem","position":2,"name":"Uwe Storch"}]},{"@type":"WebSite","@id":"https:\/\/horizont.dfvcg-events.de\/werbewirkungsgipfel\/#website","url":"https:\/\/horizont.dfvcg-events.de\/werbewirkungsgipfel\/","name":"HORIZONT Werbewirkungsgipfel","description":"Der Jahrestreff f\u00fcr Werbetreibende, Agenturvertreter:innen und Vermarkter!","publisher":{"@id":"https:\/\/horizont.dfvcg-events.de\/werbewirkungsgipfel\/#organization"},"alternateName":"HORIZONT WWG","potentialAction":[{"@type":"SearchAction","target":{"@type":"EntryPoint","urlTemplate":"https:\/\/horizont.dfvcg-events.de\/werbewirkungsgipfel\/?s={search_term_string}"},"query-input":{"@type":"PropertyValueSpecification","valueRequired":true,"valueName":"search_term_string"}}],"inLanguage":"de"},{"@type":"Organization","@id":"https:\/\/horizont.dfvcg-events.de\/werbewirkungsgipfel\/#organization","name":"HORIZONT Werbewirkungsgipfel","alternateName":"HORIZONT WWG","url":"https:\/\/horizont.dfvcg-events.de\/werbewirkungsgipfel\/","logo":{"@type":"ImageObject","inLanguage":"de","@id":"https:\/\/horizont.dfvcg-events.de\/werbewirkungsgipfel\/#\/schema\/logo\/image\/","url":"https:\/\/horizont.dfvcg-events.de\/werbewirkungsgipfel\/wp-content\/uploads\/2024\/03\/insights-werbewirkungsgipfel-logo-animation.gif","contentUrl":"https:\/\/horizont.dfvcg-events.de\/werbewirkungsgipfel\/wp-content\/uploads\/2024\/03\/insights-werbewirkungsgipfel-logo-animation.gif","width":800,"height":800,"caption":"HORIZONT Werbewirkungsgipfel"},"image":{"@id":"https:\/\/horizont.dfvcg-events.de\/werbewirkungsgipfel\/#\/schema\/logo\/image\/"}}]}},"_links":{"self":[{"href":"https:\/\/horizont.dfvcg-events.de\/werbewirkungsgipfel\/wp-json\/wp\/v2\/portfolio\/9190","targetHints":{"allow":["GET"]}}],"collection":[{"href":"https:\/\/horizont.dfvcg-events.de\/werbewirkungsgipfel\/wp-json\/wp\/v2\/portfolio"}],"about":[{"href":"https:\/\/horizont.dfvcg-events.de\/werbewirkungsgipfel\/wp-json\/wp\/v2\/types\/portfolio"}],"author":[{"embeddable":true,"href":"https:\/\/horizont.dfvcg-events.de\/werbewirkungsgipfel\/wp-json\/wp\/v2\/users\/7"}],"replies":[{"embeddable":true,"href":"https:\/\/horizont.dfvcg-events.de\/werbewirkungsgipfel\/wp-json\/wp\/v2\/comments?post=9190"}],"version-history":[{"count":3,"href":"https:\/\/horizont.dfvcg-events.de\/werbewirkungsgipfel\/wp-json\/wp\/v2\/portfolio\/9190\/revisions"}],"predecessor-version":[{"id":10270,"href":"https:\/\/horizont.dfvcg-events.de\/werbewirkungsgipfel\/wp-json\/wp\/v2\/portfolio\/9190\/revisions\/10270"}],"wp:featuredmedia":[{"embeddable":true,"href":"https:\/\/horizont.dfvcg-events.de\/werbewirkungsgipfel\/wp-json\/wp\/v2\/media\/9191"}],"wp:attachment":[{"href":"https:\/\/horizont.dfvcg-events.de\/werbewirkungsgipfel\/wp-json\/wp\/v2\/media?parent=9190"}],"wp:term":[{"taxonomy":"post_tag","embeddable":true,"href":"https:\/\/horizont.dfvcg-events.de\/werbewirkungsgipfel\/wp-json\/wp\/v2\/tags?post=9190"},{"taxonomy":"portfolio_entries","embeddable":true,"href":"https:\/\/horizont.dfvcg-events.de\/werbewirkungsgipfel\/wp-json\/wp\/v2\/portfolio_entries?post=9190"}],"curies":[{"name":"wp","href":"https:\/\/api.w.org\/{rel}","templated":true}]}}